{"id":8010,"date":"2024-03-26T09:50:16","date_gmt":"2024-03-26T08:50:16","guid":{"rendered":"https:\/\/b-s-germany.de\/contacto\/proteccion-de-datos\/"},"modified":"2025-05-02T10:06:10","modified_gmt":"2025-05-02T08:06:10","slug":"proteccion-de-datos","status":"publish","type":"page","link":"https:\/\/b-s-germany.de\/es\/contacto\/proteccion-de-datos\/","title":{"rendered":"Protecci\u00f3n de datos"},"content":{"rendered":"<p>[et_pb_section fb_built=\u00bb1&#8243; custom_padding_last_edited=\u00bbon|phone\u00bb next_background_color=\u00bb#F2F3F3&#8243; admin_label=\u00bbsection\u00bb _builder_version=\u00bb4.24.2&#8243; _module_preset=\u00bbdefault\u00bb background_color=\u00bb#7D8386&#8243; use_background_color_gradient=\u00bbon\u00bb background_color_gradient_direction=\u00bb172deg\u00bb background_color_gradient_stops=\u00bbrgba(10,10,10,0.74) 0%|rgba(69,71,84,0.23) 98%\u00bb background_color_gradient_overlays_image=\u00bbon\u00bb background_image=\u00bbhttps:\/\/b-s-germany.de\/wp-content\/uploads\/2024\/04\/b-s-group_content_world-map-weltkarte-002.png\u00bb custom_padding=\u00bb85px||90px||false|false\u00bb custom_padding_tablet=\u00bb85px||90px||false|false\u00bb custom_padding_phone=\u00bb90px||30px||false|false\u00bb bottom_divider_style=\u00bbarrow2&#8243; bottom_divider_height_tablet=\u00bb70px\u00bb bottom_divider_height_phone=\u00bb50px\u00bb bottom_divider_height_last_edited=\u00bbon|phone\u00bb locked=\u00bboff\u00bb global_colors_info=\u00bb{}\u00bb][et_pb_row _builder_version=\u00bb4.21.0&#8243; _module_preset=\u00bbdefault\u00bb custom_padding=\u00bb22px||50px||false|false\u00bb scroll_vertical_motion_enable=\u00bbon\u00bb scroll_vertical_motion=\u00bb0|90|90|100|0|0|0.5&#8243; scroll_fade_enable=\u00bbon\u00bb scroll_fade=\u00bb0|90|90|100|100%|100%|0%\u00bb global_colors_info=\u00bb{}\u00bb][et_pb_column type=\u00bb4_4&#8243; _builder_version=\u00bb4.16&#8243; _module_preset=\u00bbdefault\u00bb global_colors_info=\u00bb{}\u00bb][et_pb_text _builder_version=\u00bb4.24.2&#8243; _module_preset=\u00bbc9c08129-dcaa-4b59-bb51-b3aa18143018&#8243; header_text_align=\u00bbcenter\u00bb header_text_color=\u00bb#ffffff\u00bb header_font_size=\u00bb60px\u00bb custom_margin=\u00bb||10px||false|false\u00bb header_font_size_tablet=\u00bb50px\u00bb header_font_size_phone=\u00bb40px\u00bb header_font_size_last_edited=\u00bbon|desktop\u00bb global_colors_info=\u00bb{}\u00bb]<\/p>\n<h1>Protecci\u00f3n de datos<\/h1>\n<p>[\/et_pb_text][et_pb_divider divider_weight=\u00bb2px\u00bb _builder_version=\u00bb4.21.0&#8243; _module_preset=\u00bbdefault\u00bb width=\u00bb10%\u00bb module_alignment=\u00bbcenter\u00bb custom_margin=\u00bb25px||25px||true|false\u00bb global_colors_info=\u00bb{}\u00bb][\/et_pb_divider][\/et_pb_column][\/et_pb_row][\/et_pb_section][et_pb_section fb_built=\u00bb1&#8243; module_class=\u00bbdatenschutz\u00bb _builder_version=\u00bb4.24.2&#8243; _module_preset=\u00bbdefault\u00bb background_color=\u00bb#F2F3F3&#8243; custom_padding=\u00bb80px||80px||false|false\u00bb global_colors_info=\u00bb{}\u00bb][et_pb_row _builder_version=\u00bb4.25.0&#8243; _module_preset=\u00bbdefault\u00bb custom_padding=\u00bb0px||||false|false\u00bb global_colors_info=\u00bb{}\u00bb][et_pb_column type=\u00bb4_4&#8243; _builder_version=\u00bb4.21.0&#8243; _module_preset=\u00bbdefault\u00bb global_colors_info=\u00bb{}\u00bb][et_pb_text _builder_version=\u00bb4.27.4&#8243; _module_preset=\u00bbdefault\u00bb link_text_color=\u00bb#B51F2A\u00bb header_2_font_size=\u00bb35px\u00bb hover_enabled=\u00bb0&#8243; header_2_font_size_tablet=\u00bb32px\u00bb header_2_font_size_phone=\u00bb32px\u00bb header_2_font_size_last_edited=\u00bbon|desktop\u00bb global_colors_info=\u00bb%91%93&#8243; header_2_font_size__hover_enabled=\u00bboff|hover\u00bb header_2_font_size__hover=\u00bb41px\u00bb sticky_enabled=\u00bb0&#8243;]<\/p>\n<h2>Nombre y datos de contacto del responsable del tratamiento de conformidad con el art\u00edculo 4, apartado 7, del RGPD<\/h2>\n<p><\/p>\n<p><strong>Empresa:<\/strong> Burghardt+Schmidt GmbH<br \/><strong>Direcci\u00f3n:<\/strong> Raiffeisenstr. 24-26, 75196 Remchingen, Alemania<br \/><strong>Tel\u00e9fono:<\/strong> <a href=\"tel:0049723236610\">+49 7232 3661-0<\/a><br \/><strong>Correo electr\u00f3nico:<\/strong> <a href=\"mailto:info@b-s-germany.de\">info@b-s-germany.de<\/a><\/p>\n<p>[\/et_pb_text][et_pb_text _builder_version=\u00bb4.21.0&#8243; _module_preset=\u00bbdefault\u00bb link_text_color=\u00bb#B51F2A\u00bb header_2_font_size=\u00bb38px\u00bb header_font_size_tablet=\u00bb\u00bb header_font_size_phone=\u00bb\u00bb header_font_size_last_edited=\u00bbon|desktop\u00bb header_2_font_size_tablet=\u00bb30px\u00bb header_2_font_size_phone=\u00bb28px\u00bb global_colors_info=\u00bb%91%93&#8243; header_2_font_size__hover_enabled=\u00bboff|hover\u00bb header_2_font_size__hover=\u00bb41px\u00bb]<\/p>\n<h3>Seguridad y protecci\u00f3n de sus datos personales<\/h3>\n<p><\/p>\n<p>Consideramos que nuestra principal responsabilidad es mantener la confidencialidad de los datos personales que nos proporciona y protegerlos del acceso no autorizado. Por eso, ponemos el m\u00e1ximo cuidado y aplicamos los \u00faltimos est\u00e1ndares de seguridad para garantizar la m\u00e1xima protecci\u00f3n de sus datos personales.<\/p>\n<p><\/p>\n<p>Como empresa privada, estamos sujetos a las disposiciones del Reglamento General de Protecci\u00f3n de Datos (RGPD) de la Uni\u00f3n Europea y a las regulaciones de la Ley Federal de Protecci\u00f3n de Datos (BDSG) de Alemania. Hemos tomado medidas t\u00e9cnicas y organizativas para garantizar que tanto nosotros como nuestros proveedores de servicios externos respetemos las normas de protecci\u00f3n de datos.<\/p>\n<p>[\/et_pb_text][et_pb_text _builder_version=\u00bb4.21.0&#8243; _module_preset=\u00bbdefault\u00bb link_text_color=\u00bb#B51F2A\u00bb header_2_font_size=\u00bb38px\u00bb custom_margin=\u00bb||10px||false|false\u00bb header_font_size_tablet=\u00bb\u00bb header_font_size_phone=\u00bb\u00bb header_font_size_last_edited=\u00bbon|desktop\u00bb header_2_font_size_tablet=\u00bb30px\u00bb header_2_font_size_phone=\u00bb28px\u00bb global_colors_info=\u00bb%91%93&#8243; header_2_font_size__hover_enabled=\u00bboff|hover\u00bb header_2_font_size__hover=\u00bb41px\u00bb]<\/p>\n<h3>Definiciones<\/h3>\n<p><\/p>\n<p>El legislador exige que los datos personales se traten de manera l\u00edcita, justa y transparente en relaci\u00f3n con el interesado (\u00ablicitud, lealtad y transparencia\u00bb). Para garantizarlo, le proporcionamos informaci\u00f3n sobre las definiciones legales individuales que tambi\u00e9n se utilizan en esta declaraci\u00f3n de protecci\u00f3n de datos:<\/p>\n<p>[\/et_pb_text][et_pb_text _builder_version=\u00bb4.21.0&#8243; _module_preset=\u00bbdefault\u00bb link_text_color=\u00bb#B51F2A\u00bb header_2_font_size=\u00bb38px\u00bb header_font_size_tablet=\u00bb\u00bb header_font_size_phone=\u00bb\u00bb header_font_size_last_edited=\u00bbon|desktop\u00bb header_2_font_size_tablet=\u00bb30px\u00bb header_2_font_size_phone=\u00bb28px\u00bb global_colors_info=\u00bb%91%93&#8243; header_2_font_size__hover_enabled=\u00bboff|hover\u00bb header_2_font_size__hover=\u00bb41px\u00bb]<\/p>\n<p>1. <strong>Datos personales<\/strong><br \/>Por \u00abdatos personales\u00bb se entiende cualquier informaci\u00f3n relativa a una persona f\u00edsica identificada o identificable (en lo sucesivo, \u00abel interesado\u00bb); se considerar\u00e1 persona f\u00edsica identificable toda persona cuya identidad pueda determinarse, directa o indirectamente, en particular mediante un identificador, como por ejemplo un nombre, un n\u00famero de identificaci\u00f3n, datos de localizaci\u00f3n, un identificador en l\u00ednea o uno o caracter\u00edsticas especiales que expresan la identidad f\u00edsica, fisiol\u00f3gica, gen\u00e9tica, mental, econ\u00f3mica, cultural o social de esta persona f\u00edsica.<\/p>\n<p><\/p>\n<p>2. <strong>Tratamiento<\/strong><br \/>Por \u00abtratamiento\u00bb se entiende cualquier operaci\u00f3n o conjunto de operaciones que se realice sobre datos personales o conjuntos de datos personales, ya sea por procedimientos automatizados o no, como la recogida, registro, organizaci\u00f3n, estructuraci\u00f3n, conservaci\u00f3n, adaptaci\u00f3n o modificaci\u00f3n, extracci\u00f3n, consulta, utilizaci\u00f3n, comunicaci\u00f3n por transmisi\u00f3n, difusi\u00f3n o cualquier otra forma de habilitaci\u00f3n , alineaci\u00f3n o combinaci\u00f3n, restricci\u00f3n, borrado o destrucci\u00f3n.<\/p>\n<p><\/p>\n<p>3. <strong>Restricci\u00f3n del tratamiento<\/strong><br \/>Por \u00abrestricci\u00f3n del tratamiento\u00bb se entiende el marcado de los datos personales almacenados con el fin de limitar su tratamiento en el futuro.<\/p>\n<p><\/p>\n<p>4. <strong>Elaboraci\u00f3n de perfiles<\/strong><br \/>Por \u00abelaboraci\u00f3n de perfiles\u00bb se entiende cualquier forma de tratamiento automatizado de datos personales que consista en utilizar datos personales para evaluar determinados aspectos personales relacionados con una persona f\u00edsica, en particular para analizar o predecir aspectos relativos al rendimiento profesional, situaci\u00f3n econ\u00f3mica, salud, preferencias personales, intereses, fiabilidad, comportamiento, ubicaci\u00f3n o movimientos de dicha persona f\u00edsica.<\/p>\n<p><\/p>\n<p>5. <strong>Seudonimizaci\u00f3n<\/strong><br \/>\u00abSeudonimizaci\u00f3n\u00bb significa el tratamiento de datos personales de tal manera que los datos personales ya no puedan atribuirse a un interesado espec\u00edfico sin el uso de informaci\u00f3n adicional, siempre que dicha informaci\u00f3n adicional se mantenga por separado y est\u00e9 sujeta a medidas t\u00e9cnicas y organizativas para garantizar que los datos personales no se atribuyan a una persona f\u00edsica identificada o identificable<\/p>\n<p><\/p>\n<p>6. <strong>Sistema de archivos<\/strong><br \/>Por \u00absistema de archivos\u00bb se entiende cualquier conjunto estructurado de datos personales accesibles con arreglo a criterios espec\u00edficos, ya sea centralizado, descentralizado o disperso en funci\u00f3n de criterios funcionales o geogr\u00e1ficos.<\/p>\n<p><\/p>\n<p>7. <strong>Responsable del tratamiento<\/strong><br \/>\u00abResponsable del tratamiento\u00bb: la persona f\u00edsica o jur\u00eddica, autoridad p\u00fablica, agencia u otro organismo que, solo o junto con otros, determine los fines y medios del tratamiento de datos personales; cuando los fines y medios de dicho tratamiento est\u00e9n determinados por el Derecho de la Uni\u00f3n o de los Estados miembros, el responsable del tratamiento o los criterios espec\u00edficos para su nombramiento podr\u00e1n estar previstos por el Derecho de la Uni\u00f3n o de los Estados miembros.<\/p>\n<p><\/p>\n<p>8. <strong>Encargado del tratamiento<\/strong><br \/>\u00abEncargado del tratamiento\u00bb hace referencia a una persona f\u00edsica o jur\u00eddica, autoridad p\u00fablica, agencia u otro organismo que trata datos personales en nombre del responsable del tratamiento.<\/p>\n<p><\/p>\n<p>9. <strong>Destinatario<\/strong> <br \/>\u00abDestinatario\u00bb es una persona f\u00edsica o jur\u00eddica, autoridad p\u00fablica, agencia u otro organismo al que se revelan datos personales, sea o no un tercero. Sin embargo, las autoridades que puedan recibir datos personales en el contexto de una tarea de investigaci\u00f3n espec\u00edfica en virtud del Derecho de la Uni\u00f3n o de los Estados miembros no se considerar\u00e1n destinatarios; el tratamiento de dichos datos por parte de dichas autoridades se llevar\u00e1 a cabo de conformidad con las normas de protecci\u00f3n de datos aplicables y de acuerdo con los fines del tratamiento.<\/p>\n<p><\/p>\n<p>10. \u00abTercero\u00bb: cualquier persona f\u00edsica o jur\u00eddica, autoridad p\u00fablica,<\/p>\n<p><\/p>\n<p>10. <strong>Tercero<\/strong>: \u00abTercero\u00bb significa cualquier persona f\u00edsica o jur\u00eddica, autoridad p\u00fablica, agencia o cualquier otro organismo que no sea el interesado, el responsable del tratamiento, el encargado del tratamiento y las personas que, bajo la autoridad directa del responsable del tratamiento o del encargado del tratamiento, est\u00e9n autorizadas a tratar los datos personales.<\/p>\n<p><\/p>\n<p>11. <strong>Consentimiento<\/strong><br \/>El \u00abconsentimiento\u00bb del interesado es toda manifestaci\u00f3n de voluntad libre, espec\u00edfica, informada e inequ\u00edvoca por la que el interesado acepta, ya sea mediante una declaraci\u00f3n o una clara acci\u00f3n afirmativa, el tratamiento de datos personales que le conciernen.<\/p>\n<p>[\/et_pb_text][et_pb_text _builder_version=\u00bb4.21.0&#8243; _module_preset=\u00bbdefault\u00bb link_text_color=\u00bb#B51F2A\u00bb header_2_font_size=\u00bb38px\u00bb custom_margin=\u00bb||0px||false|false\u00bb header_font_size_tablet=\u00bb\u00bb header_font_size_phone=\u00bb\u00bb header_font_size_last_edited=\u00bbon|desktop\u00bb header_2_font_size_tablet=\u00bb30px\u00bb header_2_font_size_phone=\u00bb28px\u00bb global_colors_info=\u00bb%91%93&#8243; header_2_font_size__hover_enabled=\u00bboff|hover\u00bb header_2_font_size__hover=\u00bb41px\u00bb]<\/p>\n<div class=\"et_pb_module et_pb_text et_pb_text_5 et_pb_text_align_left et_pb_bg_layout_light\">\n<div class=\"\u201eet_pb_text_inner&quot;\">\n<h3>Legalidad del tratamiento<\/h3>\n<p>El tratamiento de datos personales solo es legal si existe una base jur\u00eddica para ello y en la medida en que la haya. De acuerdo con el art\u00edculo 6 (1) (a) &#8211; (f) del RGPD, la base jur\u00eddica para el tratamiento puede ser, en particular:<\/p>\n<\/div>\n<p><\/div>\n<p>[\/et_pb_text][et_pb_text _builder_version=\u00bb4.24.2&#8243; _module_preset=\u00bbdefault\u00bb link_text_color=\u00bb#B51F2A\u00bb header_2_font_size=\u00bb38px\u00bb header_font_size_tablet=\u00bb\u00bb header_font_size_phone=\u00bb\u00bb header_font_size_last_edited=\u00bbon|desktop\u00bb header_2_font_size_tablet=\u00bb30px\u00bb header_2_font_size_phone=\u00bb28px\u00bb global_colors_info=\u00bb%91%93&#8243; header_2_font_size__hover_enabled=\u00bboff|hover\u00bb header_2_font_size__hover=\u00bb41px\u00bb]<\/p>\n<ul>\n<li>El interesado ha dado su consentimiento para el tratamiento de sus datos personales para uno o m\u00e1s fines espec\u00edficos;<\/li>\n<li>el tratamiento es necesario para la ejecuci\u00f3n de un contrato en el que el interesado es parte o para la aplicaci\u00f3n a petici\u00f3n de este de medidas precontractuales;<\/li>\n<li>el tratamiento es necesario para el cumplimiento de una obligaci\u00f3n legal a la que est\u00e1 sujeto el responsable del tratamiento;<\/li>\n<li>el tratamiento es necesario para proteger los intereses vitales del interesado o de otra persona f\u00edsica;<\/li>\n<li>el tratamiento es necesario para el cumplimiento de una misi\u00f3n realizada en inter\u00e9s p\u00fablico o en el ejercicio de poderes p\u00fablicos conferidos al responsable del tratamiento;<\/li>\n<li>el tratamiento es necesario para la satisfacci\u00f3n de intereses leg\u00edtimos perseguidos por el responsable del tratamiento o por un tercero, excepto cuando sobre dichos intereses prevalezcan los intereses o los derechos y libertades fundamentales del interesado que requieran la protecci\u00f3n de datos personales, en particular cuando el interesado sea un ni\u00f1o.<\/li>\n<\/ul>\n<p>[\/et_pb_text][et_pb_text _builder_version=\u00bb4.21.0&#8243; _module_preset=\u00bbdefault\u00bb link_text_color=\u00bb#B51F2A\u00bb header_2_font_size=\u00bb38px\u00bb header_font_size_tablet=\u00bb\u00bb header_font_size_phone=\u00bb\u00bb header_font_size_last_edited=\u00bbon|desktop\u00bb header_2_font_size_tablet=\u00bb30px\u00bb header_2_font_size_phone=\u00bb28px\u00bb global_colors_info=\u00bb%91%93&#8243; header_2_font_size__hover_enabled=\u00bboff|hover\u00bb header_2_font_size__hover=\u00bb41px\u00bb]<\/p>\n<h4>Recopilaci\u00f3n de datos personales cuando visita nuestro sitio web<\/h4>\n<p><\/p>\n<p>Si utiliza nuestro sitio web solo con fines informativos, es decir, si no se registra ni nos proporciona informaci\u00f3n de otro modo, solo recopilaremos los datos personales que su navegador transmita a nuestro servidor. Si desea ver nuestro sitio web, recopilamos los siguientes datos, que son t\u00e9cnicamente necesarios para que podamos mostrarle nuestro sitio web y garantizar la estabilidad y la seguridad (la base legal es el art. 6, p\u00e1rr. 1, frase 1, letra f del RGPD):<\/p>\n<p><\/p>\n<ul style=\"margin: 20px 0 0 20px !important;\">\n<li>Direcci\u00f3n IP<\/li>\n<li>Fecha y hora de la solicitud<\/li>\n<li>Diferencia de zona horaria con respecto a la hora media de Greenwich (GMT)<\/li>\n<li>Contenido de la solicitud (p\u00e1gina espec\u00edfica)<\/li>\n<li>Estado de acceso\/c\u00f3digo de estado HTTP<\/li>\n<li>Cantidad de datos transferidos en cada caso<\/li>\n<li>Sitio web del que procede la solicitud<\/li>\n<li>Navegador<\/li>\n<li>Sistema operativo y su interfaz<\/li>\n<li>Idioma y versi\u00f3n del software del navegador.<\/li>\n<\/ul>\n<p>[\/et_pb_text][et_pb_text module_class=\u00bbdatenschutz\u00bb _builder_version=\u00bb4.25.1&#8243; _module_preset=\u00bbdefault\u00bb link_text_color=\u00bb#B51F2A\u00bb ul_text_color=\u00bb#7D8386&#8243; header_2_font_size=\u00bb38px\u00bb custom_margin=\u00bb||0px||false|false\u00bb header_font_size_tablet=\u00bb\u00bb header_font_size_phone=\u00bb\u00bb header_font_size_last_edited=\u00bbon|desktop\u00bb header_2_font_size_tablet=\u00bb30px\u00bb header_2_font_size_phone=\u00bb28px\u00bb global_colors_info=\u00bb%91%93&#8243; header_2_font_size__hover_enabled=\u00bboff|hover\u00bb header_2_font_size__hover=\u00bb41px\u00bb]<\/p>\n<h4>Uso de cookies<\/h4>\n<p><\/p>\n<p>(1) Adem\u00e1s de los datos mencionados anteriormente, las cookies se almacenan en su ordenador cuando utiliza nuestro sitio web. Las cookies son peque\u00f1os archivos de texto que se almacenan en su disco duro y se asignan al navegador que est\u00e1 utilizando y a trav\u00e9s de los cuales cierta informaci\u00f3n fluye hacia la ubicaci\u00f3n que establece la cookie. Las cookies no pueden ejecutar ning\u00fan programa ni transmitir virus a su ordenador. Sirven para que el servicio de Internet sea m\u00e1s f\u00e1cil de usar y eficaz en general.<\/p>\n<p><\/p>\n<p>(2) Este sitio web utiliza los siguientes tipos de cookies, cuyo alcance y funcionamiento se explican a continuaci\u00f3n:<\/p>\n<p><\/p>\n<ul>\n<li>Cookies transitorias (v\u00e9ase a.)<\/li>\n<li>Cookies persistentes (v\u00e9ase b.<\/li>\n<\/ul>\n<p><\/p>\n<ul style=\"list-style-type: lower-alpha !important; margin: 0 0 0 20px !important;\">\n<li>Las cookies transitorias se eliminan autom\u00e1ticamente al cerrar el navegador. Estas incluyen, en particular, las cookies de sesi\u00f3n. Estas almacenan un llamado ID de sesi\u00f3n, que se utiliza para asignar varias solicitudes de su navegador a la sesi\u00f3n compartida. Esto permite que su ordenador sea reconocido cuando regrese a nuestro sitio web. Las cookies de sesi\u00f3n se eliminan cuando cierra la sesi\u00f3n o cierra el navegador.<\/li>\n<li>Las cookies persistentes se eliminan autom\u00e1ticamente despu\u00e9s de un per\u00edodo espec\u00edfico, que puede variar seg\u00fan la cookie. Puede eliminar las cookies en cualquier momento utilizando la configuraci\u00f3n de seguridad de su navegador.<\/li>\n<li>Puede configurar los ajustes de su navegador seg\u00fan sus preferencias y <br \/>por ejemplo, rechazar las cookies de terceros o todas las cookies. Las denominadas \u00abcookies de terceros\u00bb son cookies que han sido establecidas por un tercero y no por el sitio web que est\u00e1 visitando actualmente. Tenga en cuenta que si desactiva las cookies, es posible que no pueda utilizar todas las funciones de este sitio web.<\/li>\n<\/ul>\n<p>[\/et_pb_text][et_pb_code _builder_version=\u00bb4.25.1&#8243; _module_preset=\u00bbdefault\u00bb global_colors_info=\u00bb{}\u00bb]<pee><span class=\"borlabs-cookie-open-dialog-preferences brlbs-cmpnt-container\" data-borlabs-cookie-title=\"Ihre Cookie-Einstellungen\" data-borlabs-cookie-type=\"button\" ><\/span><\/pee>[\/et_pb_code][et_pb_text _builder_version=\u00bb4.21.0&#8243; _module_preset=\u00bbdefault\u00bb link_text_color=\u00bb#B51F2A\u00bb header_2_font_size=\u00bb38px\u00bb header_font_size_tablet=\u00bb\u00bb header_font_size_phone=\u00bb\u00bb header_font_size_last_edited=\u00bbon|desktop\u00bb header_2_font_size_tablet=\u00bb30px\u00bb header_2_font_size_phone=\u00bb28px\u00bb global_colors_info=\u00bb%91%93&#8243; header_2_font_size__hover_enabled=\u00bboff|hover\u00bb header_2_font_size__hover=\u00bb41px\u00bb]<\/p>\n<h4>Otras funciones y ofertas en nuestro sitio web<\/h4>\n<p><\/p>\n<p>(1) Adem\u00e1s del uso de nuestro sitio web con fines puramente informativos, ofrecemos varios servicios que puede utilizar si est\u00e1 interesado. Para ello, por lo general, deber\u00e1 proporcionar m\u00e1s datos personales, que utilizamos para prestar el servicio correspondiente y a los que se aplican los principios de tratamiento de datos antes mencionados.<\/p>\n<p><\/p>\n<p>(2) En algunos casos, utilizamos proveedores de servicios externos para procesar sus datos. Estos han sido cuidadosamente seleccionados y contratados por nosotros, est\u00e1n sujetos a nuestras instrucciones y son supervisados regularmente.<\/p>\n<p><\/p>\n<p>(3) Adem\u00e1s, podemos transmitir sus datos personales a terceros si ofrecemos la participaci\u00f3n en promociones, concursos, la celebraci\u00f3n de contratos o servicios similares junto con socios. Recibir\u00e1 informaci\u00f3n m\u00e1s detallada al respecto cuando facilite sus datos personales o m\u00e1s abajo en la descripci\u00f3n de la oferta.<\/p>\n<p><\/p>\n<p>(4) Si nuestros proveedores de servicios o socios tienen su sede en un pa\u00eds fuera del Espacio Econ\u00f3mico Europeo (EEE), le informaremos de las consecuencias de esta circunstancia en la descripci\u00f3n de la oferta.<\/p>\n<p>[\/et_pb_text][et_pb_text _builder_version=\u00bb4.21.0&#8243; _module_preset=\u00bbdefault\u00bb link_text_color=\u00bb#B51F2A\u00bb header_2_font_size=\u00bb38px\u00bb header_font_size_tablet=\u00bb\u00bb header_font_size_phone=\u00bb\u00bb header_font_size_last_edited=\u00bbon|desktop\u00bb header_2_font_size_tablet=\u00bb30px\u00bb header_2_font_size_phone=\u00bb28px\u00bb global_colors_info=\u00bb%91%93&#8243; header_2_font_size__hover_enabled=\u00bboff|hover\u00bb header_2_font_size__hover=\u00bb41px\u00bb]<\/p>\n<h3>Ni\u00f1os<\/h3>\n<p><\/p>\n<p>Nuestros servicios est\u00e1n dirigidos a adultos. Las personas menores de 18 a\u00f1os no deben transmitirnos ning\u00fan dato personal sin el consentimiento de sus padres o tutores legales.<\/p>\n<p>[\/et_pb_text][et_pb_text module_class=\u00bbdatenschutz\u00bb _builder_version=\u00bb4.24.2&#8243; _module_preset=\u00bbdefault\u00bb link_text_color=\u00bb#B51F2A\u00bb header_2_font_size=\u00bb38px\u00bb header_font_size_tablet=\u00bb\u00bb header_font_size_phone=\u00bb\u00bb header_font_size_last_edited=\u00bbon|desktop\u00bb header_2_font_size_tablet=\u00bb30px\u00bb header_2_font_size_phone=\u00bb28px\u00bb global_colors_info=\u00bb%91%93&#8243; header_2_font_size__hover_enabled=\u00bboff|hover\u00bb header_2_font_size__hover=\u00bb41px\u00bb]<\/p>\n<h3>Derechos del interesado<\/h3>\n<p><\/p>\n<p><strong>(1) Revocaci\u00f3n del consentimiento<\/strong> Si el tratamiento de datos personales se basa en el consentimiento otorgado, usted tiene derecho a revocar este consentimiento en cualquier momento. La revocaci\u00f3n del consentimiento no afecta a la legalidad del tratamiento realizado sobre la base del consentimiento hasta la revocaci\u00f3n. Puede ponerse en contacto con nosotros en cualquier momento para ejercer su derecho de cancelaci\u00f3n. <strong>(2) Derecho de confirmaci\u00f3n<\/strong> Tiene derecho a solicitar al responsable del tratamiento que le confirme si estamos tratando datos personales que le conciernen. Puede solicitar esta confirmaci\u00f3n en cualquier momento utilizando los datos de contacto facilitados anteriormente. <strong>(3) Derecho de acceso<\/strong> Si se procesan datos personales, puede solicitar informaci\u00f3n sobre estos datos personales y la siguiente informaci\u00f3n en cualquier momento:<\/p>\n<p><\/p>\n<ul style=\"list-style-type: lower-alpha !important; margin: 0 0 0 20px !important;\">\n<li>los fines del tratamiento;<\/li>\n<li>las categor\u00edas de datos personales de que se trate;<\/li>\n<li>los destinatarios o las categor\u00edas de destinatarios a los que se han comunicado o se comunicar\u00e1n los datos personales, en particular los destinatarios en terceros pa\u00edses u organizaciones internacionales;<\/li>\n<li>cuando sea posible, el per\u00edodo previsto durante el cual se almacenar\u00e1n los datos personales o, si no es posible, los criterios utilizados para determinar ese per\u00edodo;<\/li>\n<li>la existencia de un derecho a solicitar al responsable del tratamiento la rectificaci\u00f3n o supresi\u00f3n de datos personales o la restricci\u00f3n del tratamiento de datos personales relativos al interesado o a oponerse a dicho tratamiento;<\/li>\n<li>el derecho a presentar una reclamaci\u00f3n ante una autoridad de control;<\/li>\n<li>cuando los datos personales no se recaben del interesado, cualquier informaci\u00f3n disponible sobre su origen;<\/li>\n<li>la existencia de decisiones automatizadas, incluida la elaboraci\u00f3n de perfiles, a que se refieren los apartados 1 y 4 del art\u00edculo 22 del RGPD y, al menos en tales casos, informaci\u00f3n significativa sobre la l\u00f3gica aplicada, as\u00ed como la importancia y las consecuencias previstas de dicho tratamiento para el interesado.<\/li>\n<\/ul>\n<p><\/p>\n<p>Cuando los datos personales se transfieran a un tercer pa\u00eds o a una organizaci\u00f3n internacional, usted tiene derecho a ser informado de las garant\u00edas adecuadas de conformidad con el art\u00edculo 46 del RGPD en relaci\u00f3n con la transferencia. Le proporcionaremos una copia de los datos personales objeto de tratamiento. Por cualquier copia adicional que solicite, podremos cobrarle una tarifa razonable basada en los costes administrativos. Si realiza la solicitud por v\u00eda electr\u00f3nica, la informaci\u00f3n se facilitar\u00e1 en un formato electr\u00f3nico de uso com\u00fan, a menos que solicite lo contrario. El derecho a recibir una copia a que se refiere el apartado 3 no afectar\u00e1 negativamente a los derechos y libertades de terceros. <strong>(4) Derecho de rectificaci\u00f3n<\/strong> Tiene derecho a solicitar que rectifiquemos cualquier dato personal inexacto que le concierna sin demora indebida. Teniendo en cuenta los fines del tratamiento, tiene derecho a que se completen los datos personales incompletos, incluso mediante una declaraci\u00f3n complementaria. <strong>(5) Derecho de supresi\u00f3n (\u00abderecho al olvido\u00bb)<\/strong> Tiene derecho a solicitar que el responsable del tratamiento suprima los datos personales que le conciernen sin demora injustificada y tenemos la obligaci\u00f3n de suprimir los datos personales sin demora injustificada cuando se aplique uno de los siguientes motivos:<\/p>\n<p><\/p>\n<ul style=\"list-style-type: lower-alpha !important; margin: 0 0 0 20px !important;\">\n<li>Los datos personales ya no son necesarios en relaci\u00f3n con los fines para los que fueron recogidos o tratados de otro modo.<\/li>\n<li>El interesado retira el consentimiento en el que se basa el tratamiento de acuerdo con el punto (a) del art\u00edculo 6(1), o el punto (a) del art\u00edculo 9(2) del RGPD, y cuando no existe otro fundamento jur\u00eddico para el tratamiento.<\/li>\n<li>El interesado se opone al tratamiento con arreglo al art\u00edculo 21, apartado 1, del RGPD y no prevalecen otros motivos leg\u00edtimos para el tratamiento, o el interesado se opone al tratamiento con arreglo al art\u00edculo 21, apartado 2, del RGPD.<\/li>\n<li>Los datos personales han sido tratados de forma il\u00edcita.<\/li>\n<li>Los datos personales deben ser borrados para cumplir con una obligaci\u00f3n legal en la legislaci\u00f3n de la Uni\u00f3n o de los Estados miembros a la que est\u00e1 sujeto el responsable del tratamiento.<\/li>\n<li>Los datos personales han sido recogidos en relaci\u00f3n con la oferta de servicios de la sociedad de la informaci\u00f3n a que se refiere el art\u00edculo 8, apartado 1, del RGPD.<\/li>\n<\/ul>\n<p><\/p>\n<p>Cuando el responsable del tratamiento haya hecho p\u00fablicos los datos personales y est\u00e9 obligado, de conformidad con el apartado 1, a suprimir dichos datos, el responsable del tratamiento, teniendo en cuenta la tecnolog\u00eda disponible y el coste de su aplicaci\u00f3n, adoptar\u00e1 medidas razonables, incluidas medidas t\u00e9cnicas, para informar a los responsables que est\u00e9n tratando los datos personales de que el interesado ha solicitado la supresi\u00f3n por parte de dichos responsables de cualquier enlace a esos datos personales, o cualquier copia o r\u00e9plica de los mismos. El derecho de supresi\u00f3n (derecho al olvido) no se aplica en la medida en que el tratamiento sea necesario:<\/p>\n<p><\/p>\n<ul style=\"list-style: disc !important; margin: 0 0 0 20px !important;\">\n<li>para ejercer el derecho a la libertad de expresi\u00f3n e informaci\u00f3n;<\/li>\n<li>para el cumplimiento de una obligaci\u00f3n legal que requiera el tratamiento de datos de conformidad con el Derecho de la Uni\u00f3n o de los Estados miembros al que est\u00e9 sujeto el responsable del tratamiento o para el cumplimiento de una misi\u00f3n realizada en inter\u00e9s p\u00fablico o en el ejercicio de poderes p\u00fablicos conferidos al responsable del tratamiento;<\/li>\n<li>por razones de inter\u00e9s p\u00fablico en el \u00e1mbito de la salud p\u00fablica, de conformidad con las letras h) e i) del apartado 2 del art\u00edculo 9, as\u00ed como con el apartado 3 del art\u00edculo 9 del RGPD;<\/li>\n<li>con fines de archivo en inter\u00e9s p\u00fablico, fines de investigaci\u00f3n cient\u00edfica o hist\u00f3rica o fines estad\u00edsticos, de conformidad con el art\u00edculo 89, apartado 1, del RGPD, en la medida en que el derecho al que se refiere el apartado 1 pueda imposibilitar o perjudicar gravemente la consecuci\u00f3n de los objetivos de dicho tratamiento; o<\/li>\n<li>para el establecimiento, el ejercicio o la defensa de reclamaciones legales.<\/li>\n<\/ul>\n<p><\/p>\n<p><strong>(6) Derecho a la restricci\u00f3n del procesamiento<\/strong> Tiene derecho a solicitar que restrinjamos el procesamiento de sus datos personales si se aplica una de las siguientes condiciones:<\/p>\n<p><\/p>\n<ul style=\"list-style-type: lower-alpha !important; margin: 0 0 0 20px !important;\">\n<li>el interesado impugne la exactitud de los datos personales, durante un plazo que permita al responsable verificar la exactitud de los mismos,<\/li>\n<li>el tratamiento sea il\u00edcito y el interesado se oponga a la supresi\u00f3n de los datos personales y solicite en su lugar la limitaci\u00f3n de su uso;<\/li>\n<li>el responsable del tratamiento ya no necesita los datos personales para los fines del tratamiento, pero el interesado los necesita para la formulaci\u00f3n, el ejercicio o la defensa de reclamaciones legales;<\/li>\n<li>el interesado se ha opuesto al tratamiento con arreglo al art\u00edculo 21, apartado 1, del RGPD, a la espera de que se verifique si los motivos leg\u00edtimos del responsable del tratamiento prevalecen sobre los del interesado.<\/li>\n<\/ul>\n<p><\/p>\n<p>Cuando el tratamiento se haya restringido de conformidad con las condiciones anteriores, dichos datos personales, con la excepci\u00f3n del almacenamiento, solo se tratar\u00e1n con el consentimiento del interesado o con el fin de hacer valer, ejercer o defender derechos o proteger los derechos de otra persona f\u00edsica o jur\u00eddica o por motivos de inter\u00e9s p\u00fablico importante de la Uni\u00f3n o de un Estado miembro. Para ejercer el derecho a la restricci\u00f3n del procesamiento, el interesado puede ponerse en contacto con nosotros en cualquier momento utilizando los datos de contacto proporcionados anteriormente. <strong>(7) Derecho a la portabilidad de los datos<\/strong> Tiene derecho a recibir los datos personales que le conciernen, que nos ha facilitado, en un formato estructurado, de uso com\u00fan y legible por m\u00e1quina, y tiene derecho a transmitirlos a otro responsable del tratamiento sin impedimentos por parte del responsable al que se han facilitado los datos personales, cuando:<\/p>\n<p><\/p>\n<ul style=\"list-style-type: lower-alpha !important; margin: 0 0 0 20px !important;\">\n<li>el tratamiento se basa en el consentimiento de conformidad con el art\u00edculo 6, apartado 1, letra a), el art\u00edculo 9, apartado 2, letra a), o el art\u00edculo 6, apartado 1, letra b), del RGPD y<\/li>\n<li>tratamiento se lleva a cabo por medios automatizados.<\/li>\n<\/ul>\n<p><\/p>\n<p>Al ejercer su derecho a la portabilidad de los datos de conformidad con el p\u00e1rrafo 1, tiene derecho a que los datos personales se transmitan directamente de un responsable del tratamiento a otro, cuando sea t\u00e9cnicamente posible. El ejercicio del derecho a la portabilidad de los datos se entender\u00e1 sin perjuicio del derecho de supresi\u00f3n (\u00abderecho al olvido\u00bb). Este derecho no se aplicar\u00e1 al tratamiento necesario para el cumplimiento de una misi\u00f3n realizada en inter\u00e9s p\u00fablico o en el ejercicio de poderes p\u00fablicos conferidos al responsable del tratamiento. <strong>(8) Derecho de oposici\u00f3n<\/strong> Tiene derecho a oponerse en cualquier momento, por motivos relacionados con su situaci\u00f3n particular, al tratamiento de los datos personales que le conciernan y que se base en el art\u00edculo 6, apartado 1, letras e) o f), del RGPD, incluida la elaboraci\u00f3n de perfiles sobre la base de dichas disposiciones. El responsable del tratamiento dejar\u00e1 de tratar los datos personales, a menos que demuestre la existencia de motivos leg\u00edtimos imperiosos para el tratamiento que prevalezcan sobre los intereses, derechos y libertades del interesado, o para la formulaci\u00f3n, el ejercicio o la defensa de reclamaciones. Cuando los datos personales se traten con fines de marketing directo, usted tiene derecho a oponerse en cualquier momento al tratamiento de los datos personales que le conciernan para dicho marketing, lo que incluye la elaboraci\u00f3n de perfiles en la medida en que est\u00e9 relacionada con dicho marketing directo. Cuando usted se oponga al tratamiento con fines de marketing directo, los datos personales dejar\u00e1n de ser tratados para dichos fines. En el contexto del uso de los servicios de la sociedad de la informaci\u00f3n, y no obstante lo dispuesto en la Directiva 2002\/58\/CE, usted podr\u00e1 ejercer su derecho de oposici\u00f3n por medios automatizados utilizando especificaciones t\u00e9cnicas. Tiene derecho a oponerse, por motivos relacionados con su situaci\u00f3n particular, al tratamiento de los datos personales que le conciernen y que se lleve a cabo con fines de investigaci\u00f3n cient\u00edfica o hist\u00f3rica o con fines estad\u00edsticos, de conformidad con el art\u00edculo 89, apartado 1, a menos que el tratamiento sea necesario para el cumplimiento de una misi\u00f3n realizada por razones de inter\u00e9s p\u00fablico. Puede ejercer su derecho de oposici\u00f3n en cualquier momento poni\u00e9ndose en contacto con el responsable del tratamiento correspondiente. <strong>(9) Toma de decisiones individuales automatizada, incluida la elaboraci\u00f3n de perfiles<\/strong> Tiene derecho a no ser objeto de una decisi\u00f3n basada \u00fanicamente en el tratamiento automatizado, incluida la elaboraci\u00f3n de perfiles, que produzca efectos jur\u00eddicos que le conciernan o le afecten significativamente de modo similar. Esto no se aplicar\u00e1 si la decisi\u00f3n:<\/p>\n<p><\/p>\n<ul style=\"list-style-type: lower-alpha !important; margin: 0 0 0 20px !important;\">\n<li>sea necesaria para la celebraci\u00f3n o ejecuci\u00f3n de un contrato entre el interesado y un responsable del tratamiento;<\/li>\n<li>est\u00e1 autorizada por la legislaci\u00f3n de la Uni\u00f3n o de los Estados miembros a la que est\u00e1 sujeto el responsable del tratamiento y que tambi\u00e9n establece medidas adecuadas para salvaguardar los derechos y libertades y los intereses leg\u00edtimos del interesado; o<\/li>\n<li>se basa en el consentimiento expl\u00edcito del interesado.<\/li>\n<\/ul>\n<p><\/p>\n<p>El responsable del tratamiento aplicar\u00e1 las medidas adecuadas para salvaguardar los derechos y libertades y los intereses leg\u00edtimos del interesado, como m\u00ednimo el derecho a obtener intervenci\u00f3n humana por parte del responsable del tratamiento, a expresar su punto de vista y a impugnar la decisi\u00f3n. El interesado puede ejercer este derecho en cualquier momento poni\u00e9ndose en contacto con el responsable del tratamiento correspondiente. <strong>(10) Derecho a presentar una reclamaci\u00f3n ante una autoridad de control<\/strong> Sin perjuicio de cualquier otro recurso administrativo o judicial, tendr\u00e1 derecho a presentar una reclamaci\u00f3n ante una autoridad de control, en particular en el Estado miembro de su residencia habitual, lugar de trabajo o lugar de la presunta infracci\u00f3n, si el interesado considera que el tratamiento de los datos personales que le conciernen infringe el presente Reglamento. <strong>(11) Derecho a una tutela judicial efectiva<\/strong> Sin perjuicio de cualquier recurso administrativo o extrajudicial disponible, incluido el derecho a presentar una reclamaci\u00f3n ante una autoridad de control de conformidad con el art\u00edculo 77 del RGPD, tendr\u00e1 derecho a un recurso judicial cuando se considere que se han vulnerado sus derechos en virtud del presente Reglamento como consecuencia de un tratamiento de sus datos personales que no cumpla con el presente Reglamento.<\/p>\n<p>[\/et_pb_text][et_pb_text _builder_version=\u00bb4.21.0&#8243; _module_preset=\u00bbdefault\u00bb link_text_color=\u00bb#B51F2A\u00bb header_2_font_size=\u00bb38px\u00bb header_font_size_tablet=\u00bb\u00bb header_font_size_phone=\u00bb\u00bb header_font_size_last_edited=\u00bbon|desktop\u00bb header_2_font_size_tablet=\u00bb30px\u00bb header_2_font_size_phone=\u00bb28px\u00bb global_colors_info=\u00bb%91%93&#8243; header_2_font_size__hover_enabled=\u00bboff|hover\u00bb header_2_font_size__hover=\u00bb41px\u00bb]<\/p>\n<h3>Uso de \u00abhCaptcha\u00bb<\/h3>\n<p><\/p>\n<p>Utilizamos el servicio anti-bot hCaptcha (en adelante, \u00abhCaptcha\u00bb) en nuestro sitio web. Este servicio es proporcionado por Intuition Machines, Inc., una empresa estadounidense con sede en Delaware (\u00abIMI\u00bb). hCaptcha se utiliza para comprobar si los datos introducidos en nuestro sitio web (por ejemplo, en una p\u00e1gina de registro o en un formulario de contacto) han sido introducidos por un humano o por un programa automatizado. Para ello, hCaptcha analiza el comportamiento del visitante del sitio web o de la aplicaci\u00f3n m\u00f3vil en funci\u00f3n de diversas caracter\u00edsticas.Este an\u00e1lisis se inicia autom\u00e1ticamente en cuanto el visitante del sitio web o de la aplicaci\u00f3n m\u00f3vil entra en una parte del sitio web o de la aplicaci\u00f3n con hCaptcha activado. Para el an\u00e1lisis, hCaptcha eval\u00faa diversa informaci\u00f3n (por ejemplo, la direcci\u00f3n IP, Este an\u00e1lisis se inicia autom\u00e1ticamente en cuanto el visitante del sitio web o de la aplicaci\u00f3n m\u00f3vil entra en una parte del sitio web o de la aplicaci\u00f3n con hCaptcha activado. Para el an\u00e1lisis, hCaptcha eval\u00faa diversa informaci\u00f3n (por ejemplo, la direcci\u00f3n IP, el tiempo que el visitante pasa en el sitio web o la aplicaci\u00f3n o los movimientos del rat\u00f3n del usuario). Los datos recogidos durante el an\u00e1lisis se env\u00edan al IMI. El an\u00e1lisis de hCaptcha en \u00abmodo invisible\u00bb puede realizarse completamente en segundo plano. Los visitantes del sitio web o de la aplicaci\u00f3n no son notificados de que se est\u00e1 llevando a cabo dicho an\u00e1lisis si no se muestra ning\u00fan desaf\u00edo al usuario. El procesamiento de datos se lleva a cabo sobre la base del art\u00edculo 6(1)(f) del RGPD: el operador del sitio web o de la aplicaci\u00f3n m\u00f3vil tiene un inter\u00e9s leg\u00edtimo en proteger su sitio de rastreos autom\u00e1ticos abusivos y spam. IMI act\u00faa como \u00abprocesador de datos\u00bb en nombre de sus clientes en virtud del RGPD y como \u00abproveedor de servicios\u00bb en virtud de la Ley de Privacidad del Consumidor de California (CCPA). Para obtener m\u00e1s informaci\u00f3n sobre hCaptcha y la pol\u00edtica de privacidad y las condiciones de uso de IMI, consulte los siguientes enlaces: https:\/\/www.hcaptcha.com\/privacy y https:\/\/www.hcaptcha.com\/terms.<\/p>\n<p>[\/et_pb_text][et_pb_text _builder_version=\u00bb4.21.0&#8243; _module_preset=\u00bbdefault\u00bb link_text_color=\u00bb#B51F2A\u00bb header_2_font_size=\u00bb38px\u00bb header_font_size_tablet=\u00bb\u00bb header_font_size_phone=\u00bb\u00bb header_font_size_last_edited=\u00bbon|desktop\u00bb header_2_font_size_tablet=\u00bb30px\u00bb header_2_font_size_phone=\u00bb28px\u00bb global_colors_info=\u00bb%91%93&#8243; header_2_font_size__hover_enabled=\u00bboff|hover\u00bb header_2_font_size__hover=\u00bb41px\u00bb]<\/p>\n<p><a href=\"https:\/\/wpmudev.com\/docs\/privacy\/\" target=\"_blank\" rel=\"noopener\">https:\/\/wpmudev.com\/docs\/privacy\/<\/a><\/p>\n<p>[\/et_pb_text][\/et_pb_column][\/et_pb_row][\/et_pb_section]<\/p>\n","protected":false},"excerpt":{"rendered":"<p>Protecci\u00f3n de datosNombre y datos de contacto del responsable del tratamiento de conformidad con el art\u00edculo 4, apartado 7, del RGPDEmpresa: Burghardt+Schmidt GmbHDirecci\u00f3n: Raiffeisenstr. 24-26, 75196 Remchingen, AlemaniaTel\u00e9fono: +49 7232 3661-0Correo electr\u00f3nico: info@b-s-germany.deSeguridad y protecci\u00f3n de sus datos personalesConsideramos que nuestra principal responsabilidad es mantener la confidencialidad de los datos personales que nos proporciona y [&hellip;]<\/p>\n","protected":false},"author":4,"featured_media":0,"parent":7968,"menu_order":30,"comment_status":"closed","ping_status":"closed","template":"","meta":{"_et_pb_use_builder":"on","_et_pb_old_content":"","_et_gb_content_width":"","footnotes":""},"dipi_cpt_category":[],"class_list":["post-8010","page","type-page","status-publish","hentry"],"yoast_head":"<!-- This site is optimized with the Yoast SEO plugin v27.4 - https:\/\/yoast.com\/product\/yoast-seo-wordpress\/ -->\n<title>Protecci\u00f3n de datos - b+s germany<\/title>\n<meta name=\"robots\" content=\"index, follow, max-snippet:-1, max-image-preview:large, max-video-preview:-1\" \/>\n<link rel=\"canonical\" href=\"https:\/\/b-s-germany.de\/es\/contacto\/proteccion-de-datos\/\" \/>\n<meta property=\"og:locale\" content=\"es_ES\" \/>\n<meta property=\"og:type\" content=\"article\" \/>\n<meta property=\"og:title\" content=\"Protecci\u00f3n de datos - b+s germany\" \/>\n<meta property=\"og:description\" content=\"Protecci\u00f3n de datosNombre y datos de contacto del responsable del tratamiento de conformidad con el art\u00edculo 4, apartado 7, del RGPDEmpresa: Burghardt+Schmidt GmbHDirecci\u00f3n: Raiffeisenstr. 24-26, 75196 Remchingen, AlemaniaTel\u00e9fono: +49 7232 3661-0Correo electr\u00f3nico: info@b-s-germany.deSeguridad y protecci\u00f3n de sus datos personalesConsideramos que nuestra principal responsabilidad es mantener la confidencialidad de los datos personales que nos proporciona y [&hellip;]\" \/>\n<meta property=\"og:url\" content=\"https:\/\/b-s-germany.de\/es\/contacto\/proteccion-de-datos\/\" \/>\n<meta property=\"og:site_name\" content=\"b+s germany\" \/>\n<meta property=\"article:modified_time\" content=\"2025-05-02T08:06:10+00:00\" \/>\n<meta name=\"twitter:card\" content=\"summary_large_image\" \/>\n<meta name=\"twitter:label1\" content=\"Tiempo de lectura\" \/>\n\t<meta name=\"twitter:data1\" content=\"27 minutos\" \/>\n<script type=\"application\/ld+json\" class=\"yoast-schema-graph\">{\"@context\":\"https:\\\/\\\/schema.org\",\"@graph\":[{\"@type\":\"WebPage\",\"@id\":\"https:\\\/\\\/b-s-germany.de\\\/es\\\/contacto\\\/proteccion-de-datos\\\/\",\"url\":\"https:\\\/\\\/b-s-germany.de\\\/es\\\/contacto\\\/proteccion-de-datos\\\/\",\"name\":\"Protecci\u00f3n de datos - b+s germany\",\"isPartOf\":{\"@id\":\"https:\\\/\\\/b-s-germany.de\\\/es\\\/#website\"},\"datePublished\":\"2024-03-26T08:50:16+00:00\",\"dateModified\":\"2025-05-02T08:06:10+00:00\",\"breadcrumb\":{\"@id\":\"https:\\\/\\\/b-s-germany.de\\\/es\\\/contacto\\\/proteccion-de-datos\\\/#breadcrumb\"},\"inLanguage\":\"es\",\"potentialAction\":[{\"@type\":\"ReadAction\",\"target\":[\"https:\\\/\\\/b-s-germany.de\\\/es\\\/contacto\\\/proteccion-de-datos\\\/\"]}]},{\"@type\":\"BreadcrumbList\",\"@id\":\"https:\\\/\\\/b-s-germany.de\\\/es\\\/contacto\\\/proteccion-de-datos\\\/#breadcrumb\",\"itemListElement\":[{\"@type\":\"ListItem\",\"position\":1,\"name\":\"Startseite\",\"item\":\"https:\\\/\\\/b-s-germany.de\\\/es\\\/\"},{\"@type\":\"ListItem\",\"position\":2,\"name\":\"Contacto\",\"item\":\"https:\\\/\\\/b-s-germany.de\\\/es\\\/kontakt\\\/\"},{\"@type\":\"ListItem\",\"position\":3,\"name\":\"Protecci\u00f3n de datos\"}]},{\"@type\":\"WebSite\",\"@id\":\"https:\\\/\\\/b-s-germany.de\\\/es\\\/#website\",\"url\":\"https:\\\/\\\/b-s-germany.de\\\/es\\\/\",\"name\":\"b+s germany - the next level of coil processing | Burghardt + Schmidt\",\"description\":\"the next level of coil processing | Burghardt + Schmidt\",\"publisher\":{\"@id\":\"https:\\\/\\\/b-s-germany.de\\\/es\\\/#organization\"},\"potentialAction\":[{\"@type\":\"SearchAction\",\"target\":{\"@type\":\"EntryPoint\",\"urlTemplate\":\"https:\\\/\\\/b-s-germany.de\\\/es\\\/?s={search_term_string}\"},\"query-input\":{\"@type\":\"PropertyValueSpecification\",\"valueRequired\":true,\"valueName\":\"search_term_string\"}}],\"inLanguage\":\"es\"},{\"@type\":\"Organization\",\"@id\":\"https:\\\/\\\/b-s-germany.de\\\/es\\\/#organization\",\"name\":\"b+s germany - the next level of coil processing | Burghardt + Schmidt\",\"url\":\"https:\\\/\\\/b-s-germany.de\\\/es\\\/\",\"logo\":{\"@type\":\"ImageObject\",\"inLanguage\":\"es\",\"@id\":\"https:\\\/\\\/b-s-germany.de\\\/es\\\/#\\\/schema\\\/logo\\\/image\\\/\",\"url\":\"https:\\\/\\\/b-s-germany.de\\\/wp-content\\\/uploads\\\/2024\\\/04\\\/b-s-group_content_logo-burghardt-schmidt.png\",\"contentUrl\":\"https:\\\/\\\/b-s-germany.de\\\/wp-content\\\/uploads\\\/2024\\\/04\\\/b-s-group_content_logo-burghardt-schmidt.png\",\"width\":800,\"height\":162,\"caption\":\"b+s germany - the next level of coil processing | Burghardt + Schmidt\"},\"image\":{\"@id\":\"https:\\\/\\\/b-s-germany.de\\\/es\\\/#\\\/schema\\\/logo\\\/image\\\/\"}}]}<\/script>\n<!-- \/ Yoast SEO plugin. -->","yoast_head_json":{"title":"Protecci\u00f3n de datos - b+s germany","robots":{"index":"index","follow":"follow","max-snippet":"max-snippet:-1","max-image-preview":"max-image-preview:large","max-video-preview":"max-video-preview:-1"},"canonical":"https:\/\/b-s-germany.de\/es\/contacto\/proteccion-de-datos\/","og_locale":"es_ES","og_type":"article","og_title":"Protecci\u00f3n de datos - b+s germany","og_description":"Protecci\u00f3n de datosNombre y datos de contacto del responsable del tratamiento de conformidad con el art\u00edculo 4, apartado 7, del RGPDEmpresa: Burghardt+Schmidt GmbHDirecci\u00f3n: Raiffeisenstr. 24-26, 75196 Remchingen, AlemaniaTel\u00e9fono: +49 7232 3661-0Correo electr\u00f3nico: info@b-s-germany.deSeguridad y protecci\u00f3n de sus datos personalesConsideramos que nuestra principal responsabilidad es mantener la confidencialidad de los datos personales que nos proporciona y [&hellip;]","og_url":"https:\/\/b-s-germany.de\/es\/contacto\/proteccion-de-datos\/","og_site_name":"b+s germany","article_modified_time":"2025-05-02T08:06:10+00:00","twitter_card":"summary_large_image","twitter_misc":{"Tiempo de lectura":"27 minutos"},"schema":{"@context":"https:\/\/schema.org","@graph":[{"@type":"WebPage","@id":"https:\/\/b-s-germany.de\/es\/contacto\/proteccion-de-datos\/","url":"https:\/\/b-s-germany.de\/es\/contacto\/proteccion-de-datos\/","name":"Protecci\u00f3n de datos - b+s germany","isPartOf":{"@id":"https:\/\/b-s-germany.de\/es\/#website"},"datePublished":"2024-03-26T08:50:16+00:00","dateModified":"2025-05-02T08:06:10+00:00","breadcrumb":{"@id":"https:\/\/b-s-germany.de\/es\/contacto\/proteccion-de-datos\/#breadcrumb"},"inLanguage":"es","potentialAction":[{"@type":"ReadAction","target":["https:\/\/b-s-germany.de\/es\/contacto\/proteccion-de-datos\/"]}]},{"@type":"BreadcrumbList","@id":"https:\/\/b-s-germany.de\/es\/contacto\/proteccion-de-datos\/#breadcrumb","itemListElement":[{"@type":"ListItem","position":1,"name":"Startseite","item":"https:\/\/b-s-germany.de\/es\/"},{"@type":"ListItem","position":2,"name":"Contacto","item":"https:\/\/b-s-germany.de\/es\/kontakt\/"},{"@type":"ListItem","position":3,"name":"Protecci\u00f3n de datos"}]},{"@type":"WebSite","@id":"https:\/\/b-s-germany.de\/es\/#website","url":"https:\/\/b-s-germany.de\/es\/","name":"b+s germany - the next level of coil processing | Burghardt + Schmidt","description":"the next level of coil processing | Burghardt + Schmidt","publisher":{"@id":"https:\/\/b-s-germany.de\/es\/#organization"},"potentialAction":[{"@type":"SearchAction","target":{"@type":"EntryPoint","urlTemplate":"https:\/\/b-s-germany.de\/es\/?s={search_term_string}"},"query-input":{"@type":"PropertyValueSpecification","valueRequired":true,"valueName":"search_term_string"}}],"inLanguage":"es"},{"@type":"Organization","@id":"https:\/\/b-s-germany.de\/es\/#organization","name":"b+s germany - the next level of coil processing | Burghardt + Schmidt","url":"https:\/\/b-s-germany.de\/es\/","logo":{"@type":"ImageObject","inLanguage":"es","@id":"https:\/\/b-s-germany.de\/es\/#\/schema\/logo\/image\/","url":"https:\/\/b-s-germany.de\/wp-content\/uploads\/2024\/04\/b-s-group_content_logo-burghardt-schmidt.png","contentUrl":"https:\/\/b-s-germany.de\/wp-content\/uploads\/2024\/04\/b-s-group_content_logo-burghardt-schmidt.png","width":800,"height":162,"caption":"b+s germany - the next level of coil processing | Burghardt + Schmidt"},"image":{"@id":"https:\/\/b-s-germany.de\/es\/#\/schema\/logo\/image\/"}}]}},"_links":{"self":[{"href":"https:\/\/b-s-germany.de\/es\/wp-json\/wp\/v2\/pages\/8010","targetHints":{"allow":["GET"]}}],"collection":[{"href":"https:\/\/b-s-germany.de\/es\/wp-json\/wp\/v2\/pages"}],"about":[{"href":"https:\/\/b-s-germany.de\/es\/wp-json\/wp\/v2\/types\/page"}],"author":[{"embeddable":true,"href":"https:\/\/b-s-germany.de\/es\/wp-json\/wp\/v2\/users\/4"}],"replies":[{"embeddable":true,"href":"https:\/\/b-s-germany.de\/es\/wp-json\/wp\/v2\/comments?post=8010"}],"version-history":[{"count":8,"href":"https:\/\/b-s-germany.de\/es\/wp-json\/wp\/v2\/pages\/8010\/revisions"}],"predecessor-version":[{"id":8726,"href":"https:\/\/b-s-germany.de\/es\/wp-json\/wp\/v2\/pages\/8010\/revisions\/8726"}],"up":[{"embeddable":true,"href":"https:\/\/b-s-germany.de\/es\/wp-json\/wp\/v2\/pages\/7968"}],"wp:attachment":[{"href":"https:\/\/b-s-germany.de\/es\/wp-json\/wp\/v2\/media?parent=8010"}],"wp:term":[{"taxonomy":"dipi_cpt_category","embeddable":true,"href":"https:\/\/b-s-germany.de\/es\/wp-json\/wp\/v2\/dipi_cpt_category?post=8010"}],"curies":[{"name":"wp","href":"https:\/\/api.w.org\/{rel}","templated":true}]}}